{"id":17702,"date":"2025-06-20T13:00:17","date_gmt":"2025-06-20T11:00:17","guid":{"rendered":"https:\/\/filharmoniasudecka.pl\/?post_type=tribe_events&#038;p=17702"},"modified":"2025-11-28T08:46:28","modified_gmt":"2025-11-28T07:46:28","slug":"3rd-christmas-festival-a-christmas-carol","status":"publish","type":"tribe_events","link":"https:\/\/filharmoniasudecka.pl\/en\/event\/3rd-christmas-festival-a-christmas-carol\/","title":{"rendered":"3rd Christmas Festival: A Christmas Carol"},"content":{"rendered":"<p><strong>20.12.2025, Saturday, 6pm<br \/>\n<\/strong>Wa\u0142brzych, Filharmonia Sudecka<br \/>\n<strong>3rd Christmas Festival: A Christmas Carol<\/strong><\/p>\n<h4 id=\"performers\"><strong>Performers<\/strong><\/h4>\n<p><a href=\"https:\/\/filharmoniasudecka.pl\/agnieszka-frankow-zelazny\/\"><strong>Agnieszka Frank\u00f3w-\u017belazny<\/strong><\/a> \u2014 conductor<br \/>\n<a href=\"https:\/\/filharmoniasudecka.pl\/filip-nizynski\/\"><b>Filip Ni\u017cy\u0144ski<\/b><\/a> \u2014 Ebenezer Scrooge<b><br \/>\n<a href=\"https:\/\/filharmoniasudecka.pl\/milosz-sadowski\/\">Mi\u0142osz Sadowski<\/a><\/b> \u2014 Jacob \/ narrator<br \/>\n<a href=\"https:\/\/filharmoniasudecka.pl\/adriana-masiak\/\"><b>Adriana Masiak<\/b><\/a> \u2014 Bella<br \/>\n<b>Julia Merchel<\/b> \u2014 Volunteer<b><br \/>\nAmelia Pop\u0142awska<\/b> \u2014 Ebi<b><br \/>\n<\/b><strong>Sudeten Philharmonic Children&#8217;s Choir<\/strong><br \/>\n<a href=\"https:\/\/filharmoniasudecka.pl\/anna-kupczynska\/\"><strong>Anna Kupczy\u0144ska<\/strong><\/a> \u2014 choir direction<br \/>\n<strong>Sudeten Philharmonic Symphony Orchestra<\/strong><\/p>\n<h4 id=\"program\"><strong>Program<\/strong><\/h4>\n<p><em>A Christmas Carol<\/em> \u2014 oratorio for orchestra, children&#8217;s choir and puppeteers<br \/>\nMusic: Micha\u0142 Zi\u00f3\u0142kowski<br \/>\nLibretto: Justyna Migu\u0142a<\/p>\n<p><strong>Duration: <\/strong>75&#8242; (no intermission)<br \/>\n<strong>Tickets:<\/strong> 60 \/ 40 PLN<\/p>\n<p><a href=\"https:\/\/bilety.filharmoniasudecka.pl\/numerowane.html?id=310&amp;idt=66a53c6ae403262962d15281f2222444&amp;d=3\"><img  loading=\"lazy\"  decoding=\"async\"  class=\"alignright size-full wp-image-18298 pk-lazyload\"  src=\"data:image\/png;base64,iVBORw0KGgoAAAANSUhEUgAAAAEAAAABAQMAAAAl21bKAAAAA1BMVEUAAP+KeNJXAAAAAXRSTlMAQObYZgAAAAlwSFlzAAAOxAAADsQBlSsOGwAAAApJREFUCNdjYAAAAAIAAeIhvDMAAAAASUVORK5CYII=\"  alt=\"\"  width=\"139\"  height=\"60\"  data-pk-sizes=\"auto\"  data-pk-src=\"https:\/\/filharmoniasudecka.pl\/wp-content\/uploads\/2025\/11\/button_kup-bilet.png\" ><\/a><\/p>\n<p>&nbsp;<\/p>\n<p>&nbsp;<\/p>\n<p>&nbsp;<\/p>\n<p>&nbsp;<\/p>\n","protected":false},"excerpt":{"rendered":"20.12.2025, Saturday, 6pm Wa\u0142brzych, Filharmonia Sudecka 3rd Christmas Festival: A Christmas Carol Performers Agnieszka Frank\u00f3w-\u017belazny \u2014 conductor Filip&hellip;\n","protected":false},"author":16,"featured_media":18526,"template":"","meta":{"_price":"","_stock":"","_tribe_ticket_header":"","_tribe_default_ticket_provider":"","_ticket_start_date":"","_ticket_end_date":"","_tribe_ticket_show_description":"","_tribe_ticket_show_not_going":false,"_tribe_ticket_use_global_stock":"","_tribe_ticket_global_stock_level":"","_global_stock_mode":"","_global_stock_cap":"","_tribe_rsvp_for_event":"","_tribe_ticket_going_count":"","_tribe_ticket_not_going_count":"","_tribe_tickets_list":"[]","_tribe_ticket_has_attendee_info_fields":false,"_tribe_events_status":"","_tribe_events_status_reason":"","_tribe_events_is_hybrid":"","_tribe_events_is_virtual":"","_tribe_events_virtual_video_source":"","_tribe_events_virtual_embed_video":"","_tribe_events_virtual_linked_button_text":"","_tribe_events_virtual_linked_button":"","_tribe_events_virtual_show_embed_at":"","_tribe_events_virtual_show_embed_to":[],"_tribe_events_virtual_show_on_event":"","_tribe_events_virtual_show_on_views":"","_tribe_events_virtual_url":"","footnotes":""},"tags":[],"tribe_events_cat":[],"class_list":["post-17702","tribe_events","type-tribe_events","status-publish","has-post-thumbnail","cs-entry","cs-video-wrap"],"_links":{"self":[{"href":"https:\/\/filharmoniasudecka.pl\/en\/wp-json\/wp\/v2\/tribe_events\/17702","targetHints":{"allow":["GET"]}}],"collection":[{"href":"https:\/\/filharmoniasudecka.pl\/en\/wp-json\/wp\/v2\/tribe_events"}],"about":[{"href":"https:\/\/filharmoniasudecka.pl\/en\/wp-json\/wp\/v2\/types\/tribe_events"}],"author":[{"embeddable":true,"href":"https:\/\/filharmoniasudecka.pl\/en\/wp-json\/wp\/v2\/users\/16"}],"version-history":[{"count":6,"href":"https:\/\/filharmoniasudecka.pl\/en\/wp-json\/wp\/v2\/tribe_events\/17702\/revisions"}],"predecessor-version":[{"id":18322,"href":"https:\/\/filharmoniasudecka.pl\/en\/wp-json\/wp\/v2\/tribe_events\/17702\/revisions\/18322"}],"wp:featuredmedia":[{"embeddable":true,"href":"https:\/\/filharmoniasudecka.pl\/en\/wp-json\/wp\/v2\/media\/18526"}],"wp:attachment":[{"href":"https:\/\/filharmoniasudecka.pl\/en\/wp-json\/wp\/v2\/media?parent=17702"}],"wp:term":[{"taxonomy":"post_tag","embeddable":true,"href":"https:\/\/filharmoniasudecka.pl\/en\/wp-json\/wp\/v2\/tags?post=17702"},{"taxonomy":"tribe_events_cat","embeddable":true,"href":"https:\/\/filharmoniasudecka.pl\/en\/wp-json\/wp\/v2\/tribe_events_cat?post=17702"}],"curies":[{"name":"wp","href":"https:\/\/api.w.org\/{rel}","templated":true}]}}